{"id":3021,"date":"2026-09-02T09:56:30","date_gmt":"2026-09-02T07:56:30","guid":{"rendered":"https:\/\/ffmbe.fr\/ofpa\/?post_type=job_listing&#038;p=3021"},"modified":"2026-09-02T09:56:30","modified_gmt":"2026-09-02T07:56:30","slug":"lacademie-du-massage-by-operationelle-jaux-a-10-minutes-de-compiegne-240-massage-initiation-a-la-reflexologie-plantaire-n0","status":"publish","type":"job_listing","link":"https:\/\/ffmbe.fr\/ofpa\/poste\/lacademie-du-massage-by-operationelle-jaux-a-10-minutes-de-compiegne-240-massage-initiation-a-la-reflexologie-plantaire-n0\/","title":{"rendered":"Massage Initiation \u00e0 la R\u00e9flexologie plantaire (N0)"},"content":{"rendered":"<p>La r\u00e9flexologie plantaire est une pratique de bien-\u00eatre ancestrale qui repose sur le principe selon lequel les pieds sont le miroir de notre corps. En stimulant des zones sp\u00e9cifiques sur les plantes des pieds, cette technique permet de r\u00e9\u00e9quilibrer l\u2019\u00e9nergie et de favoriser l\u2019harmonie entre le corps et l\u2019esprit. Chaque zone r\u00e9flexe correspond \u00e0 un organe ou une fonction sp\u00e9cifique, et par une pression cibl\u00e9e, . Cette initiation \u00e0 la r\u00e9flexologie plantaire vous offre une d\u00e9couverte apaisante et r\u00e9g\u00e9n\u00e9rante, propice \u00e0 une d\u00e9tente profonde et \u00e0 un bien-\u00eatre g\u00e9n\u00e9ral.<\/p>\n<p>&nbsp;<\/p>\n<p>Cette formation va vous permettre de r\u00e9aliser la r\u00e9flexologie plantaire en respectant sa culture, son protocole et son \u00e9tat d&rsquo;esprit ainsi que de respecter les contre-indications du client et\/ou du massage.\u200b<\/p>\n<p>\u200b<\/p>\n<p><strong>Objectifs p\u00e9dagogiques :<\/strong><\/p>\n<p>Pr\u00e9parer et identifier le mat\u00e9riel n\u00e9cessaire pour une bonne r\u00e9alisation du massage en cabine agr\u00e9able<\/p>\n<p>Informer sur les contre indications<\/p>\n<p>Mettre en action la posture professionnelle ad\u00e9quat au massage<\/p>\n<p>Prendre connaissance des besoins et attentes du client<\/p>\n<p>R\u00e9aliser le protocole de mani\u00e8re fluide et assur\u00e9<\/p>\n<p>&nbsp;<\/p>\n<p><strong>Moyens d\u2019\u00e9valuation et suivi :<\/strong><br \/>\nAfin de permettre d\u2019\u00e9valuer les acquis de la formation, il sera demander \u00e0 chaque stagiaires, pendant la formation de r\u00e9aliser des exercices de mises en pratiques, \u00e9changes<br \/>\nquestions \/ r\u00e9ponses, tout au long de la formation.<br \/>\nCes exercices permettront de v\u00e9rifier si les principes d\u00e9roulant de la formation ont bien \u00e9t\u00e9 acquis par chacun s\u2019entre eux.<br \/>\nL\u2019\u00e9valuation sera faite \u00e0 l\u2019issue de la fin de formation, par le formateur.<br \/>\nUne feuille d\u2019\u00e9margement individuelle sera conjointement sign\u00e9e par le formateur et le stagiaire<br \/>\nUn questionnaire d\u2019\u00e9valuation de la satisfaction stagiaire \u201c\u00e0 chaud\u201d sera rempli par le stagiaire.<\/p>\n<p>&nbsp;<\/p>\n<p><strong>Programme sur demande\u00a0<\/strong><\/p>\n","protected":false},"author":7140,"featured_media":0,"template":"","meta":{"_seopress_titles_title":"","_seopress_titles_desc":"","_seopress_robots_index":"","_seopress_robots_follow":"","_seopress_robots_imageindex":"","_seopress_robots_snippet":"","_seopress_robots_primary_cat":"","_seopress_robots_breadcrumbs":"","_seopress_robots_freeze_modified_date":"","_seopress_robots_custom_modified_date":"","_seopress_robots_canonical":"","_seopress_social_fb_title":"","_seopress_social_fb_desc":"","_seopress_social_fb_img":"","_seopress_social_fb_img_attachment_id":0,"_seopress_social_fb_img_width":0,"_seopress_social_fb_img_height":0,"_seopress_social_twitter_title":"","_seopress_social_twitter_desc":"","_seopress_social_twitter_img":"","_seopress_social_twitter_img_attachment_id":0,"_seopress_social_twitter_img_width":0,"_seopress_social_twitter_img_height":0,"_seopress_redirections_value":"","_seopress_redirections_enabled":"","_seopress_redirections_enabled_regex":"","_seopress_redirections_logged_status":"","_seopress_redirections_param":"","_seopress_redirections_type":0,"_seopress_analysis_target_kw":"","_seopress_news_disabled":"","_seopress_video_disabled":"","_seopress_video":[],"_seopress_pro_schemas_manual":[],"_seopress_pro_rich_snippets_disable_all":"","_seopress_pro_rich_snippets_disable":[],"_seopress_pro_schemas":[],"neve_meta_sidebar":"","neve_meta_container":"","neve_meta_enable_content_width":"","neve_meta_content_width":0,"neve_meta_title_alignment":"","neve_meta_author_avatar":"","neve_post_elements_order":"","neve_meta_disable_header":"","neve_meta_disable_footer":"","neve_meta_disable_title":"","_promoted":"","_filled":0,"_featured":0,"_remote_position":0,"_job_salary":"","_job_salary_currency":"","_job_salary_unit":""},"job-categories":[229],"job-types":[240],"class_list":["post-3021","job_listing","type-job_listing","status-publish","hentry","job_listing_type-academie-du-massage-france-by-operationelle","job-type-academie-du-massage-france-by-operationelle"],"_links":{"self":[{"href":"https:\/\/ffmbe.fr\/ofpa\/wp-json\/wp\/v2\/job-listings\/3021","targetHints":{"allow":["GET"]}}],"collection":[{"href":"https:\/\/ffmbe.fr\/ofpa\/wp-json\/wp\/v2\/job-listings"}],"about":[{"href":"https:\/\/ffmbe.fr\/ofpa\/wp-json\/wp\/v2\/types\/job_listing"}],"author":[{"embeddable":true,"href":"https:\/\/ffmbe.fr\/ofpa\/wp-json\/wp\/v2\/users\/7140"}],"version-history":[{"count":1,"href":"https:\/\/ffmbe.fr\/ofpa\/wp-json\/wp\/v2\/job-listings\/3021\/revisions"}],"predecessor-version":[{"id":3022,"href":"https:\/\/ffmbe.fr\/ofpa\/wp-json\/wp\/v2\/job-listings\/3021\/revisions\/3022"}],"wp:attachment":[{"href":"https:\/\/ffmbe.fr\/ofpa\/wp-json\/wp\/v2\/media?parent=3021"}],"wp:term":[{"taxonomy":"job_listing_category","embeddable":true,"href":"https:\/\/ffmbe.fr\/ofpa\/wp-json\/wp\/v2\/job-categories?post=3021"},{"taxonomy":"job_listing_type","embeddable":true,"href":"https:\/\/ffmbe.fr\/ofpa\/wp-json\/wp\/v2\/job-types?post=3021"}],"curies":[{"name":"wp","href":"https:\/\/api.w.org\/{rel}","templated":true}]}}